{"id":10281,"date":"2025-04-16T14:09:28","date_gmt":"2025-04-16T14:09:28","guid":{"rendered":"https:\/\/www.nordicclimategroup.se\/dotterbolag-2\/?post_type=medarbetare&#038;p=10281"},"modified":"2025-04-16T14:11:14","modified_gmt":"2025-04-16T14:11:14","slug":"en-minut-med-karl-lundholm-en-snart-certifierad-kyltekniker","status":"publish","type":"medarbetare","link":"https:\/\/www.nordicclimategroup.se\/kylclimatdev\/jobba-hos-oss\/mot-vara-medarbetare\/en-minut-med-karl-lundholm-en-snart-certifierad-kyltekniker\/","title":{"rendered":"En minut med Karl Lundholm &#8211; en snart certifierad kyltekniker"},"content":{"rendered":"\n<div style=\"height:40px\" aria-hidden=\"true\" class=\"wp-block-spacer\"><\/div>\n\n\n\n<p>Efter flera \u00e5r som f\u00f6rs\u00e4ljare av vitvaror k\u00e4nde Karl Lundholm att det var dags f\u00f6r en f\u00f6r\u00e4ndring. Han ville ha ett yrke med mer aktivitet och st\u00f6rre daglig variation. Med en gymnasial bakgrund av kyl- och v\u00e4rmepumpsteknik f\u00f6ll valet p\u00e5 kylbranschen. Idag har han en anst\u00e4llning p\u00e5 Kyltj\u00e4nst i Eskilstuna och vidareutbildar sig till kyltekniker via NCG Academy, en resa som har varit b\u00e5de l\u00e4rorik och inspirerande. I denna intervju ber\u00e4ttar Karl om sitt karri\u00e4rbyte, hur han hamnade p\u00e5 Kyltj\u00e4nst i Eskilstuna och varf\u00f6r han valde att vidareutbilda sig p\u00e5 NCG Academy.<\/p>\n\n\n\n<div style=\"height:40px\" aria-hidden=\"true\" class=\"wp-block-spacer\"><\/div>\n\n\n\n<h3 class=\"wp-block-heading\" id=\"block-cec26bf6-0e43-4ae9-83f2-d2cf520060ae\">Vad \u00e4r det b\u00e4sta med&nbsp;NCG Academy?<\/h3>\n\n\n\n<p id=\"block-f9130eec-548e-4b77-b223-80bb35d5b8b4\">Det \u00e4r en superbra skola f\u00f6r mig som vill bli certifierad kyltekniker. Duktiga l\u00e4rare och en bra kombination av teori och praktik.<\/p>\n\n\n\n<div style=\"height:40px\" aria-hidden=\"true\" class=\"wp-block-spacer\"><\/div>\n\n\n\n<h3 class=\"wp-block-heading\" id=\"block-3d5ab872-3a19-4cdf-9025-ec3edec71709\">Du har nyligen bytt yrkesbana?<\/h3>\n\n\n\n<p id=\"block-7eacbe4f-2afa-43dc-9ac4-41827fc6ae5c\">Jag arbetade tidigare som f\u00f6rs\u00e4ljare av vitvaror men att st\u00e5 och v\u00e4nta p\u00e5 att kunder skulle komma in i butiken passade inte mig. Jag vill att det ska h\u00e4nda saker och funderade ganska mycket p\u00e5 vad jag skulle g\u00f6ra.<\/p>\n\n\n\n<div style=\"height:40px\" aria-hidden=\"true\" class=\"wp-block-spacer\"><\/div>\n\n\n\n<h3 class=\"wp-block-heading\" id=\"block-519ac40c-4652-4d13-afab-0bd221e7a34f\">Hur hamnade du p\u00e5 Kyltj\u00e4nst i Eskilstuna?<\/h3>\n\n\n\n<p id=\"block-746bb70c-2598-4551-9f52-f1f1fc1df674\">P\u00e5 gymnasiet studerade jag kyl- och v\u00e4rmepumpsteknik och sedan s\u00e5g jag att Kyltj\u00e4nst i Eskilstuna s\u00f6kte folk. Jag ringde upp dem och det \u00e4r det b\u00e4sta jag gjort.<\/p>\n\n\n\n<div style=\"height:40px\" aria-hidden=\"true\" class=\"wp-block-spacer\"><\/div>\n\n\n\n<h3 class=\"wp-block-heading\" id=\"block-98fa0560-5c24-40bb-a197-0d8dc7d694b8\">Varf\u00f6r utbildar du dig p\u00e5&nbsp;NCG Academy?<\/h3>\n\n\n\n<p id=\"block-5d22ace0-3bc4-4865-9f4a-f355ed7d1e5f\">Jag \u00e4r inte certifierad kyltekniker och det vill jag bli. Kyltj\u00e4nst ber\u00e4ttade d\u00e5 f\u00f6r mig att Nordic Climate Group har en egen utbildningsenhet som de s\u00e5g till att jag fick g\u00e5.<\/p>\n\n\n\n<div style=\"height:40px\" aria-hidden=\"true\" class=\"wp-block-spacer\"><\/div>\n\n\n\n<h3 class=\"wp-block-heading\" id=\"block-ef8ea9b1-1353-4cf8-bcf1-27176429982a\">Hur har utbildning varit hittills?<\/h3>\n\n\n\n<p id=\"block-0982638e-aff9-4d0d-85b9-c096c1c05d23\">V\u00e4ldigt bra! Jag l\u00e4r mig m\u00e5nga nyttiga saker som man aldrig pratade om p\u00e5 gymnasiet. En annan viktig sak \u00e4r att man byter erfarenheter och skapar nya kontakter med andra m\u00e4nniskor inom koncernen. Det kommer jag ha stor nytta av i framtiden. Mitt sista utbildningstillf\u00e4lle \u00e4r i september, sedan \u00e4r jag certifierade kyltekniker &#8211; om allt g\u00e5r v\u00e4gen:-)<\/p>\n\n\n\n<div style=\"height:40px\" aria-hidden=\"true\" class=\"wp-block-spacer\"><\/div>\n\n\n\n<h3 class=\"wp-block-heading\" id=\"block-0411fc33-516d-4569-8256-ed6290ac8eff\">Varf\u00f6r ska man som kyltekniker s\u00f6ka sig till ett Nordic Climate Group-f\u00f6retag?<\/h3>\n\n\n\n<p id=\"block-e7dbf615-8c64-4b21-962a-1f1933d1cbc2\">Trots att koncernen \u00e4r st\u00f6rst i Norden s\u00e5 \u00e4r bolagen som ing\u00e5r familj\u00e4ra och lokala. De har alla sin egen pr\u00e4gel. Det tycker jag \u00e4r en styrka. Sedan finns det s\u00e5 klart b\u00e5de utveckling- som karri\u00e4rsm\u00f6jligheter inom koncernen.<\/p>\n\n\n\n<div style=\"height:40px\" aria-hidden=\"true\" class=\"wp-block-spacer\"><\/div>\n\n\n\n<h3 class=\"wp-block-heading\" id=\"block-9b19c467-6f5f-4e80-9844-40442a62ae68\">Vad \u00e4r det b\u00e4sta med att vara kyltekniker?<\/h3>\n\n\n\n<p id=\"block-11311ac3-89c0-48e3-a8e0-e04e296ec37c\">Jag skulle noga s\u00e4ga att det \u00e4r s\u00e5 varierat, ingen dag \u00e4r den andra lik. Det \u00e4r sp\u00e4nnande och jag l\u00e4r mig nya saker hela tiden.<\/p>\n\n\n\n<div style=\"height:40px\" aria-hidden=\"true\" class=\"wp-block-spacer\"><\/div>\n\n\n\n<p><\/p>\n","protected":false},"featured_media":9729,"template":"","meta":{"_acf_changed":false},"class_list":["post-10281","medarbetare","type-medarbetare","status-publish","has-post-thumbnail","hentry"],"acf":[],"yoast_head":"<!-- This site is optimized with the Yoast SEO plugin v25.4 - https:\/\/yoast.com\/wordpress\/plugins\/seo\/ -->\n<title>En minut med Karl Lundholm - en snart certifierad kyltekniker | Kylclimatdev<\/title>\n<meta name=\"description\" content=\"Efter flera \u00e5r som f\u00f6rs\u00e4ljare av vitvaror k\u00e4nde Karl Lundholm att det var dags f\u00f6r en f\u00f6r\u00e4ndring. Han ville ha ett yrke med mer aktivitet och st\u00f6rre\" \/>\n<meta name=\"robots\" content=\"index, follow, max-snippet:-1, max-image-preview:large, max-video-preview:-1\" \/>\n<link rel=\"canonical\" href=\"https:\/\/www.nordicclimategroup.se\/kylclimatdev\/jobba-hos-oss\/mot-vara-medarbetare\/en-minut-med-karl-lundholm-en-snart-certifierad-kyltekniker\/\" \/>\n<meta property=\"og:locale\" content=\"sv_SE\" \/>\n<meta property=\"og:type\" content=\"article\" \/>\n<meta property=\"og:title\" content=\"En minut med Karl Lundholm - en snart certifierad kyltekniker | Kylclimatdev\" \/>\n<meta property=\"og:description\" content=\"Efter flera \u00e5r som f\u00f6rs\u00e4ljare av vitvaror k\u00e4nde Karl Lundholm att det var dags f\u00f6r en f\u00f6r\u00e4ndring. Han ville ha ett yrke med mer aktivitet och st\u00f6rre\" \/>\n<meta property=\"og:url\" content=\"https:\/\/www.nordicclimategroup.se\/kylclimatdev\/jobba-hos-oss\/mot-vara-medarbetare\/en-minut-med-karl-lundholm-en-snart-certifierad-kyltekniker\/\" \/>\n<meta property=\"og:site_name\" content=\"Kylclimatdev\" \/>\n<meta property=\"article:modified_time\" content=\"2025-04-16T14:11:14+00:00\" \/>\n<meta property=\"og:image\" content=\"https:\/\/www.nordicclimategroup.se\/kylclimatdev\/wp-content\/uploads\/sites\/36\/2025\/03\/karl-lundholm-2.jpg_center0.426084474885844720.6069198841769704modecropwidth590height590upscalefalsernd133640475277770000.jpg\" \/>\n\t<meta property=\"og:image:width\" content=\"590\" \/>\n\t<meta property=\"og:image:height\" content=\"590\" \/>\n\t<meta property=\"og:image:type\" content=\"image\/jpeg\" \/>\n<meta name=\"twitter:card\" content=\"summary_large_image\" \/>\n<meta name=\"twitter:label1\" content=\"Ber\u00e4knad l\u00e4stid\" \/>\n\t<meta name=\"twitter:data1\" content=\"2 minuter\" \/>\n<script type=\"application\/ld+json\" class=\"yoast-schema-graph\">{\"@context\":\"https:\/\/schema.org\",\"@graph\":[{\"@type\":\"WebPage\",\"@id\":\"https:\/\/www.nordicclimategroup.se\/kylclimatdev\/jobba-hos-oss\/mot-vara-medarbetare\/en-minut-med-karl-lundholm-en-snart-certifierad-kyltekniker\/\",\"url\":\"https:\/\/www.nordicclimategroup.se\/kylclimatdev\/jobba-hos-oss\/mot-vara-medarbetare\/en-minut-med-karl-lundholm-en-snart-certifierad-kyltekniker\/\",\"name\":\"En minut med Karl Lundholm - en snart certifierad kyltekniker | Kylclimatdev\",\"isPartOf\":{\"@id\":\"https:\/\/www.nordicclimategroup.se\/kylclimatdev\/#website\"},\"primaryImageOfPage\":{\"@id\":\"https:\/\/www.nordicclimategroup.se\/kylclimatdev\/jobba-hos-oss\/mot-vara-medarbetare\/en-minut-med-karl-lundholm-en-snart-certifierad-kyltekniker\/#primaryimage\"},\"image\":{\"@id\":\"https:\/\/www.nordicclimategroup.se\/kylclimatdev\/jobba-hos-oss\/mot-vara-medarbetare\/en-minut-med-karl-lundholm-en-snart-certifierad-kyltekniker\/#primaryimage\"},\"thumbnailUrl\":\"https:\/\/www.nordicclimategroup.se\/kylclimatdev\/wp-content\/uploads\/sites\/36\/2025\/03\/karl-lundholm-2.jpg_center0.426084474885844720.6069198841769704modecropwidth590height590upscalefalsernd133640475277770000.jpg\",\"datePublished\":\"2025-04-16T14:09:28+00:00\",\"dateModified\":\"2025-04-16T14:11:14+00:00\",\"description\":\"Efter flera \u00e5r som f\u00f6rs\u00e4ljare av vitvaror k\u00e4nde Karl Lundholm att det var dags f\u00f6r en f\u00f6r\u00e4ndring. Han ville ha ett yrke med mer aktivitet och st\u00f6rre\",\"inLanguage\":\"sv-SE\",\"potentialAction\":[{\"@type\":\"ReadAction\",\"target\":[\"https:\/\/www.nordicclimategroup.se\/kylclimatdev\/jobba-hos-oss\/mot-vara-medarbetare\/en-minut-med-karl-lundholm-en-snart-certifierad-kyltekniker\/\"]}]},{\"@type\":\"ImageObject\",\"inLanguage\":\"sv-SE\",\"@id\":\"https:\/\/www.nordicclimategroup.se\/kylclimatdev\/jobba-hos-oss\/mot-vara-medarbetare\/en-minut-med-karl-lundholm-en-snart-certifierad-kyltekniker\/#primaryimage\",\"url\":\"https:\/\/www.nordicclimategroup.se\/kylclimatdev\/wp-content\/uploads\/sites\/36\/2025\/03\/karl-lundholm-2.jpg_center0.426084474885844720.6069198841769704modecropwidth590height590upscalefalsernd133640475277770000.jpg\",\"contentUrl\":\"https:\/\/www.nordicclimategroup.se\/kylclimatdev\/wp-content\/uploads\/sites\/36\/2025\/03\/karl-lundholm-2.jpg_center0.426084474885844720.6069198841769704modecropwidth590height590upscalefalsernd133640475277770000.jpg\",\"width\":590,\"height\":590},{\"@type\":\"WebSite\",\"@id\":\"https:\/\/www.nordicclimategroup.se\/kylclimatdev\/#website\",\"url\":\"https:\/\/www.nordicclimategroup.se\/kylclimatdev\/\",\"name\":\"Kylclimatdev\",\"description\":\"En del av NCG\",\"publisher\":{\"@id\":\"https:\/\/www.nordicclimategroup.se\/kylclimatdev\/#organization\"},\"potentialAction\":[{\"@type\":\"SearchAction\",\"target\":{\"@type\":\"EntryPoint\",\"urlTemplate\":\"https:\/\/www.nordicclimategroup.se\/kylclimatdev\/?s={search_term_string}\"},\"query-input\":{\"@type\":\"PropertyValueSpecification\",\"valueRequired\":true,\"valueName\":\"search_term_string\"}}],\"inLanguage\":\"sv-SE\"},{\"@type\":\"Organization\",\"@id\":\"https:\/\/www.nordicclimategroup.se\/kylclimatdev\/#organization\",\"name\":\"Kylclimatdev\",\"url\":\"https:\/\/www.nordicclimategroup.se\/kylclimatdev\/\",\"logo\":{\"@type\":\"ImageObject\",\"inLanguage\":\"sv-SE\",\"@id\":\"https:\/\/www.nordicclimategroup.se\/kylclimatdev\/#\/schema\/logo\/image\/\",\"url\":\"https:\/\/www.nordicclimategroup.se\/kylclimatdev\/wp-content\/uploads\/sites\/36\/2025\/03\/dahlmans-e1745923828555.png\",\"contentUrl\":\"https:\/\/www.nordicclimategroup.se\/kylclimatdev\/wp-content\/uploads\/sites\/36\/2025\/03\/dahlmans-e1745923828555.png\",\"width\":613,\"height\":210,\"caption\":\"Kylclimatdev\"},\"image\":{\"@id\":\"https:\/\/www.nordicclimategroup.se\/kylclimatdev\/#\/schema\/logo\/image\/\"}}]}<\/script>\n<!-- \/ Yoast SEO plugin. -->","yoast_head_json":{"title":"En minut med Karl Lundholm - en snart certifierad kyltekniker | Kylclimatdev","description":"Efter flera \u00e5r som f\u00f6rs\u00e4ljare av vitvaror k\u00e4nde Karl Lundholm att det var dags f\u00f6r en f\u00f6r\u00e4ndring. Han ville ha ett yrke med mer aktivitet och st\u00f6rre","robots":{"index":"index","follow":"follow","max-snippet":"max-snippet:-1","max-image-preview":"max-image-preview:large","max-video-preview":"max-video-preview:-1"},"canonical":"https:\/\/www.nordicclimategroup.se\/kylclimatdev\/jobba-hos-oss\/mot-vara-medarbetare\/en-minut-med-karl-lundholm-en-snart-certifierad-kyltekniker\/","og_locale":"sv_SE","og_type":"article","og_title":"En minut med Karl Lundholm - en snart certifierad kyltekniker | Kylclimatdev","og_description":"Efter flera \u00e5r som f\u00f6rs\u00e4ljare av vitvaror k\u00e4nde Karl Lundholm att det var dags f\u00f6r en f\u00f6r\u00e4ndring. Han ville ha ett yrke med mer aktivitet och st\u00f6rre","og_url":"https:\/\/www.nordicclimategroup.se\/kylclimatdev\/jobba-hos-oss\/mot-vara-medarbetare\/en-minut-med-karl-lundholm-en-snart-certifierad-kyltekniker\/","og_site_name":"Kylclimatdev","article_modified_time":"2025-04-16T14:11:14+00:00","og_image":[{"width":590,"height":590,"url":"https:\/\/www.nordicclimategroup.se\/kylclimatdev\/wp-content\/uploads\/sites\/36\/2025\/03\/karl-lundholm-2.jpg_center0.426084474885844720.6069198841769704modecropwidth590height590upscalefalsernd133640475277770000.jpg","type":"image\/jpeg"}],"twitter_card":"summary_large_image","twitter_misc":{"Ber\u00e4knad l\u00e4stid":"2 minuter"},"schema":{"@context":"https:\/\/schema.org","@graph":[{"@type":"WebPage","@id":"https:\/\/www.nordicclimategroup.se\/kylclimatdev\/jobba-hos-oss\/mot-vara-medarbetare\/en-minut-med-karl-lundholm-en-snart-certifierad-kyltekniker\/","url":"https:\/\/www.nordicclimategroup.se\/kylclimatdev\/jobba-hos-oss\/mot-vara-medarbetare\/en-minut-med-karl-lundholm-en-snart-certifierad-kyltekniker\/","name":"En minut med Karl Lundholm - en snart certifierad kyltekniker | Kylclimatdev","isPartOf":{"@id":"https:\/\/www.nordicclimategroup.se\/kylclimatdev\/#website"},"primaryImageOfPage":{"@id":"https:\/\/www.nordicclimategroup.se\/kylclimatdev\/jobba-hos-oss\/mot-vara-medarbetare\/en-minut-med-karl-lundholm-en-snart-certifierad-kyltekniker\/#primaryimage"},"image":{"@id":"https:\/\/www.nordicclimategroup.se\/kylclimatdev\/jobba-hos-oss\/mot-vara-medarbetare\/en-minut-med-karl-lundholm-en-snart-certifierad-kyltekniker\/#primaryimage"},"thumbnailUrl":"https:\/\/www.nordicclimategroup.se\/kylclimatdev\/wp-content\/uploads\/sites\/36\/2025\/03\/karl-lundholm-2.jpg_center0.426084474885844720.6069198841769704modecropwidth590height590upscalefalsernd133640475277770000.jpg","datePublished":"2025-04-16T14:09:28+00:00","dateModified":"2025-04-16T14:11:14+00:00","description":"Efter flera \u00e5r som f\u00f6rs\u00e4ljare av vitvaror k\u00e4nde Karl Lundholm att det var dags f\u00f6r en f\u00f6r\u00e4ndring. Han ville ha ett yrke med mer aktivitet och st\u00f6rre","inLanguage":"sv-SE","potentialAction":[{"@type":"ReadAction","target":["https:\/\/www.nordicclimategroup.se\/kylclimatdev\/jobba-hos-oss\/mot-vara-medarbetare\/en-minut-med-karl-lundholm-en-snart-certifierad-kyltekniker\/"]}]},{"@type":"ImageObject","inLanguage":"sv-SE","@id":"https:\/\/www.nordicclimategroup.se\/kylclimatdev\/jobba-hos-oss\/mot-vara-medarbetare\/en-minut-med-karl-lundholm-en-snart-certifierad-kyltekniker\/#primaryimage","url":"https:\/\/www.nordicclimategroup.se\/kylclimatdev\/wp-content\/uploads\/sites\/36\/2025\/03\/karl-lundholm-2.jpg_center0.426084474885844720.6069198841769704modecropwidth590height590upscalefalsernd133640475277770000.jpg","contentUrl":"https:\/\/www.nordicclimategroup.se\/kylclimatdev\/wp-content\/uploads\/sites\/36\/2025\/03\/karl-lundholm-2.jpg_center0.426084474885844720.6069198841769704modecropwidth590height590upscalefalsernd133640475277770000.jpg","width":590,"height":590},{"@type":"WebSite","@id":"https:\/\/www.nordicclimategroup.se\/kylclimatdev\/#website","url":"https:\/\/www.nordicclimategroup.se\/kylclimatdev\/","name":"Kylclimatdev","description":"En del av NCG","publisher":{"@id":"https:\/\/www.nordicclimategroup.se\/kylclimatdev\/#organization"},"potentialAction":[{"@type":"SearchAction","target":{"@type":"EntryPoint","urlTemplate":"https:\/\/www.nordicclimategroup.se\/kylclimatdev\/?s={search_term_string}"},"query-input":{"@type":"PropertyValueSpecification","valueRequired":true,"valueName":"search_term_string"}}],"inLanguage":"sv-SE"},{"@type":"Organization","@id":"https:\/\/www.nordicclimategroup.se\/kylclimatdev\/#organization","name":"Kylclimatdev","url":"https:\/\/www.nordicclimategroup.se\/kylclimatdev\/","logo":{"@type":"ImageObject","inLanguage":"sv-SE","@id":"https:\/\/www.nordicclimategroup.se\/kylclimatdev\/#\/schema\/logo\/image\/","url":"https:\/\/www.nordicclimategroup.se\/kylclimatdev\/wp-content\/uploads\/sites\/36\/2025\/03\/dahlmans-e1745923828555.png","contentUrl":"https:\/\/www.nordicclimategroup.se\/kylclimatdev\/wp-content\/uploads\/sites\/36\/2025\/03\/dahlmans-e1745923828555.png","width":613,"height":210,"caption":"Kylclimatdev"},"image":{"@id":"https:\/\/www.nordicclimategroup.se\/kylclimatdev\/#\/schema\/logo\/image\/"}}]}},"_links":{"self":[{"href":"https:\/\/www.nordicclimategroup.se\/kylclimatdev\/wp-json\/wp\/v2\/medarbetare\/10281","targetHints":{"allow":["GET"]}}],"collection":[{"href":"https:\/\/www.nordicclimategroup.se\/kylclimatdev\/wp-json\/wp\/v2\/medarbetare"}],"about":[{"href":"https:\/\/www.nordicclimategroup.se\/kylclimatdev\/wp-json\/wp\/v2\/types\/medarbetare"}],"wp:featuredmedia":[{"embeddable":true,"href":"https:\/\/www.nordicclimategroup.se\/kylclimatdev\/wp-json\/wp\/v2\/media\/9729"}],"wp:attachment":[{"href":"https:\/\/www.nordicclimategroup.se\/kylclimatdev\/wp-json\/wp\/v2\/media?parent=10281"}],"curies":[{"name":"wp","href":"https:\/\/api.w.org\/{rel}","templated":true}]}}