{"id":5119,"date":"2025-03-18T14:27:52","date_gmt":"2025-03-18T14:27:52","guid":{"rendered":"https:\/\/server03.blackpixel.se\/~designteamet\/?post_type=delagare&#038;p=5119"},"modified":"2025-04-11T14:54:40","modified_gmt":"2025-04-11T14:54:40","slug":"delagare-2","status":"publish","type":"delagare","link":"https:\/\/www.nordicclimategroup.se\/kylclimatdev\/bli-en-del-av-ncg\/mot-vara-delagare\/delagare-2\/","title":{"rendered":"Rune H\u00f8yer &#8211; SA-AL K\u00f8leteknik Aps, \u00c5rhus"},"content":{"rendered":"\n<h3 class=\"wp-block-heading\"><strong>Interview\/Quote from CEO Rune H\u00f8yer: &#8220;Why We Joined Nordic Climate Group\u201d<\/strong><\/h3>\n\n\n\n<div style=\"height:50px\" aria-hidden=\"true\" class=\"wp-block-spacer\"><\/div>\n\n\n\n<p><em>&#8220;Being the first refrigeration company in Denmark to join Nordic Climate Group was certainly exciting, but I was confident it was the right step. We were looking for a professional and forward-thinking partner that could support us with a strong focus on sustainability. It was also appealing to gain colleagues in other countries\u2014not only to create more business opportunities but also to share experiences.&#8221;<\/em><\/p>\n\n\n\n<div style=\"height:50px\" aria-hidden=\"true\" class=\"wp-block-spacer\"><\/div>\n\n\n\n<h3 class=\"wp-block-heading\">Key facts <\/h3>\n\n\n\n<ul class=\"wp-block-list\">\n<li><strong>Founded:<\/strong>\n<ul class=\"wp-block-list\">\n<li>1994<\/li>\n<\/ul>\n<\/li>\n\n\n\n<li><strong>Joined Nordic Climate Group:<\/strong>\n<ul class=\"wp-block-list\">\n<li>2023<\/li>\n<\/ul>\n<\/li>\n\n\n\n<li><strong>Location(s):<\/strong>\n<ul class=\"wp-block-list\">\n<li>Aarhus, Eg\u00e5, Ringsted, and Kolding, serving Denmark total.<\/li>\n<\/ul>\n<\/li>\n\n\n\n<li><strong>Revenue:<\/strong>\n<ul class=\"wp-block-list\">\n<li>180 million DKK<\/li>\n<\/ul>\n<\/li>\n\n\n\n<li><strong>Customer Segments:<\/strong>\n<ul class=\"wp-block-list\">\n<li>Supermarkets, cold storage rooms, ships, and industry<\/li>\n<\/ul>\n<\/li>\n\n\n\n<li><strong>Technical Expertise:<\/strong>\n<ul class=\"wp-block-list\">\n<li>Co2, Commercial refrigeration, energy optimization, heat pumps, marine refrigeration, and service<\/li>\n<\/ul>\n<\/li>\n<\/ul>\n\n\n\n<div style=\"height:100px\" aria-hidden=\"true\" class=\"wp-block-spacer\"><\/div>\n","protected":false},"featured_media":8800,"template":"","meta":{"_acf_changed":false},"class_list":["post-5119","delagare","type-delagare","status-publish","has-post-thumbnail","hentry"],"acf":[],"yoast_head":"<!-- This site is optimized with the Yoast SEO plugin v25.4 - https:\/\/yoast.com\/wordpress\/plugins\/seo\/ -->\n<title>Rune H\u00f8yer - SA-AL K\u00f8leteknik Aps, \u00c5rhus | Kylclimatdev<\/title>\n<meta name=\"description\" content=\"Interview\/Quote from CEO Rune H\u00f8yer: &quot;Why We Joined Nordic Climate Group\u201d &quot;Being the first refrigeration company in Denmark to join Nordic Climate Group\" \/>\n<meta name=\"robots\" content=\"index, follow, max-snippet:-1, max-image-preview:large, max-video-preview:-1\" \/>\n<link rel=\"canonical\" href=\"https:\/\/www.nordicclimategroup.se\/kylclimatdev\/bli-en-del-av-ncg\/mot-vara-delagare\/delagare-2\/\" \/>\n<meta property=\"og:locale\" content=\"sv_SE\" \/>\n<meta property=\"og:type\" content=\"article\" \/>\n<meta property=\"og:title\" content=\"Rune H\u00f8yer - SA-AL K\u00f8leteknik Aps, \u00c5rhus | Kylclimatdev\" \/>\n<meta property=\"og:description\" content=\"Interview\/Quote from CEO Rune H\u00f8yer: &quot;Why We Joined Nordic Climate Group\u201d &quot;Being the first refrigeration company in Denmark to join Nordic Climate Group\" \/>\n<meta property=\"og:url\" content=\"https:\/\/www.nordicclimategroup.se\/kylclimatdev\/bli-en-del-av-ncg\/mot-vara-delagare\/delagare-2\/\" \/>\n<meta property=\"og:site_name\" content=\"Kylclimatdev\" \/>\n<meta property=\"article:modified_time\" content=\"2025-04-11T14:54:40+00:00\" \/>\n<meta property=\"og:image\" content=\"https:\/\/www.nordicclimategroup.se\/kylclimatdev\/wp-content\/uploads\/sites\/36\/2025\/03\/Skarmavbild-2025-04-11-kl.-16.48.12.png\" \/>\n\t<meta property=\"og:image:width\" content=\"586\" \/>\n\t<meta property=\"og:image:height\" content=\"678\" \/>\n\t<meta property=\"og:image:type\" content=\"image\/png\" \/>\n<meta name=\"twitter:card\" content=\"summary_large_image\" \/>\n<meta name=\"twitter:label1\" content=\"Ber\u00e4knad l\u00e4stid\" \/>\n\t<meta name=\"twitter:data1\" content=\"1 minut\" \/>\n<script type=\"application\/ld+json\" class=\"yoast-schema-graph\">{\"@context\":\"https:\/\/schema.org\",\"@graph\":[{\"@type\":\"WebPage\",\"@id\":\"https:\/\/www.nordicclimategroup.se\/kylclimatdev\/bli-en-del-av-ncg\/mot-vara-delagare\/delagare-2\/\",\"url\":\"https:\/\/www.nordicclimategroup.se\/kylclimatdev\/bli-en-del-av-ncg\/mot-vara-delagare\/delagare-2\/\",\"name\":\"Rune H\u00f8yer - SA-AL K\u00f8leteknik Aps, \u00c5rhus | Kylclimatdev\",\"isPartOf\":{\"@id\":\"https:\/\/www.nordicclimategroup.se\/kylclimatdev\/#website\"},\"primaryImageOfPage\":{\"@id\":\"https:\/\/www.nordicclimategroup.se\/kylclimatdev\/bli-en-del-av-ncg\/mot-vara-delagare\/delagare-2\/#primaryimage\"},\"image\":{\"@id\":\"https:\/\/www.nordicclimategroup.se\/kylclimatdev\/bli-en-del-av-ncg\/mot-vara-delagare\/delagare-2\/#primaryimage\"},\"thumbnailUrl\":\"https:\/\/www.nordicclimategroup.se\/kylclimatdev\/wp-content\/uploads\/sites\/36\/2025\/03\/Skarmavbild-2025-04-11-kl.-16.48.12.png\",\"datePublished\":\"2025-03-18T14:27:52+00:00\",\"dateModified\":\"2025-04-11T14:54:40+00:00\",\"description\":\"Interview\/Quote from CEO Rune H\u00f8yer: \\\"Why We Joined Nordic Climate Group\u201d \\\"Being the first refrigeration company in Denmark to join Nordic Climate Group\",\"inLanguage\":\"sv-SE\",\"potentialAction\":[{\"@type\":\"ReadAction\",\"target\":[\"https:\/\/www.nordicclimategroup.se\/kylclimatdev\/bli-en-del-av-ncg\/mot-vara-delagare\/delagare-2\/\"]}]},{\"@type\":\"ImageObject\",\"inLanguage\":\"sv-SE\",\"@id\":\"https:\/\/www.nordicclimategroup.se\/kylclimatdev\/bli-en-del-av-ncg\/mot-vara-delagare\/delagare-2\/#primaryimage\",\"url\":\"https:\/\/www.nordicclimategroup.se\/kylclimatdev\/wp-content\/uploads\/sites\/36\/2025\/03\/Skarmavbild-2025-04-11-kl.-16.48.12.png\",\"contentUrl\":\"https:\/\/www.nordicclimategroup.se\/kylclimatdev\/wp-content\/uploads\/sites\/36\/2025\/03\/Skarmavbild-2025-04-11-kl.-16.48.12.png\",\"width\":586,\"height\":678},{\"@type\":\"WebSite\",\"@id\":\"https:\/\/www.nordicclimategroup.se\/kylclimatdev\/#website\",\"url\":\"https:\/\/www.nordicclimategroup.se\/kylclimatdev\/\",\"name\":\"Kylclimatdev\",\"description\":\"En del av NCG\",\"publisher\":{\"@id\":\"https:\/\/www.nordicclimategroup.se\/kylclimatdev\/#organization\"},\"potentialAction\":[{\"@type\":\"SearchAction\",\"target\":{\"@type\":\"EntryPoint\",\"urlTemplate\":\"https:\/\/www.nordicclimategroup.se\/kylclimatdev\/?s={search_term_string}\"},\"query-input\":{\"@type\":\"PropertyValueSpecification\",\"valueRequired\":true,\"valueName\":\"search_term_string\"}}],\"inLanguage\":\"sv-SE\"},{\"@type\":\"Organization\",\"@id\":\"https:\/\/www.nordicclimategroup.se\/kylclimatdev\/#organization\",\"name\":\"Kylclimatdev\",\"url\":\"https:\/\/www.nordicclimategroup.se\/kylclimatdev\/\",\"logo\":{\"@type\":\"ImageObject\",\"inLanguage\":\"sv-SE\",\"@id\":\"https:\/\/www.nordicclimategroup.se\/kylclimatdev\/#\/schema\/logo\/image\/\",\"url\":\"https:\/\/www.nordicclimategroup.se\/kylclimatdev\/wp-content\/uploads\/sites\/36\/2025\/03\/dahlmans-e1745923828555.png\",\"contentUrl\":\"https:\/\/www.nordicclimategroup.se\/kylclimatdev\/wp-content\/uploads\/sites\/36\/2025\/03\/dahlmans-e1745923828555.png\",\"width\":613,\"height\":210,\"caption\":\"Kylclimatdev\"},\"image\":{\"@id\":\"https:\/\/www.nordicclimategroup.se\/kylclimatdev\/#\/schema\/logo\/image\/\"}}]}<\/script>\n<!-- \/ Yoast SEO plugin. -->","yoast_head_json":{"title":"Rune H\u00f8yer - SA-AL K\u00f8leteknik Aps, \u00c5rhus | Kylclimatdev","description":"Interview\/Quote from CEO Rune H\u00f8yer: \"Why We Joined Nordic Climate Group\u201d \"Being the first refrigeration company in Denmark to join Nordic Climate Group","robots":{"index":"index","follow":"follow","max-snippet":"max-snippet:-1","max-image-preview":"max-image-preview:large","max-video-preview":"max-video-preview:-1"},"canonical":"https:\/\/www.nordicclimategroup.se\/kylclimatdev\/bli-en-del-av-ncg\/mot-vara-delagare\/delagare-2\/","og_locale":"sv_SE","og_type":"article","og_title":"Rune H\u00f8yer - SA-AL K\u00f8leteknik Aps, \u00c5rhus | Kylclimatdev","og_description":"Interview\/Quote from CEO Rune H\u00f8yer: \"Why We Joined Nordic Climate Group\u201d \"Being the first refrigeration company in Denmark to join Nordic Climate Group","og_url":"https:\/\/www.nordicclimategroup.se\/kylclimatdev\/bli-en-del-av-ncg\/mot-vara-delagare\/delagare-2\/","og_site_name":"Kylclimatdev","article_modified_time":"2025-04-11T14:54:40+00:00","og_image":[{"width":586,"height":678,"url":"https:\/\/www.nordicclimategroup.se\/kylclimatdev\/wp-content\/uploads\/sites\/36\/2025\/03\/Skarmavbild-2025-04-11-kl.-16.48.12.png","type":"image\/png"}],"twitter_card":"summary_large_image","twitter_misc":{"Ber\u00e4knad l\u00e4stid":"1 minut"},"schema":{"@context":"https:\/\/schema.org","@graph":[{"@type":"WebPage","@id":"https:\/\/www.nordicclimategroup.se\/kylclimatdev\/bli-en-del-av-ncg\/mot-vara-delagare\/delagare-2\/","url":"https:\/\/www.nordicclimategroup.se\/kylclimatdev\/bli-en-del-av-ncg\/mot-vara-delagare\/delagare-2\/","name":"Rune H\u00f8yer - SA-AL K\u00f8leteknik Aps, \u00c5rhus | Kylclimatdev","isPartOf":{"@id":"https:\/\/www.nordicclimategroup.se\/kylclimatdev\/#website"},"primaryImageOfPage":{"@id":"https:\/\/www.nordicclimategroup.se\/kylclimatdev\/bli-en-del-av-ncg\/mot-vara-delagare\/delagare-2\/#primaryimage"},"image":{"@id":"https:\/\/www.nordicclimategroup.se\/kylclimatdev\/bli-en-del-av-ncg\/mot-vara-delagare\/delagare-2\/#primaryimage"},"thumbnailUrl":"https:\/\/www.nordicclimategroup.se\/kylclimatdev\/wp-content\/uploads\/sites\/36\/2025\/03\/Skarmavbild-2025-04-11-kl.-16.48.12.png","datePublished":"2025-03-18T14:27:52+00:00","dateModified":"2025-04-11T14:54:40+00:00","description":"Interview\/Quote from CEO Rune H\u00f8yer: \"Why We Joined Nordic Climate Group\u201d \"Being the first refrigeration company in Denmark to join Nordic Climate Group","inLanguage":"sv-SE","potentialAction":[{"@type":"ReadAction","target":["https:\/\/www.nordicclimategroup.se\/kylclimatdev\/bli-en-del-av-ncg\/mot-vara-delagare\/delagare-2\/"]}]},{"@type":"ImageObject","inLanguage":"sv-SE","@id":"https:\/\/www.nordicclimategroup.se\/kylclimatdev\/bli-en-del-av-ncg\/mot-vara-delagare\/delagare-2\/#primaryimage","url":"https:\/\/www.nordicclimategroup.se\/kylclimatdev\/wp-content\/uploads\/sites\/36\/2025\/03\/Skarmavbild-2025-04-11-kl.-16.48.12.png","contentUrl":"https:\/\/www.nordicclimategroup.se\/kylclimatdev\/wp-content\/uploads\/sites\/36\/2025\/03\/Skarmavbild-2025-04-11-kl.-16.48.12.png","width":586,"height":678},{"@type":"WebSite","@id":"https:\/\/www.nordicclimategroup.se\/kylclimatdev\/#website","url":"https:\/\/www.nordicclimategroup.se\/kylclimatdev\/","name":"Kylclimatdev","description":"En del av NCG","publisher":{"@id":"https:\/\/www.nordicclimategroup.se\/kylclimatdev\/#organization"},"potentialAction":[{"@type":"SearchAction","target":{"@type":"EntryPoint","urlTemplate":"https:\/\/www.nordicclimategroup.se\/kylclimatdev\/?s={search_term_string}"},"query-input":{"@type":"PropertyValueSpecification","valueRequired":true,"valueName":"search_term_string"}}],"inLanguage":"sv-SE"},{"@type":"Organization","@id":"https:\/\/www.nordicclimategroup.se\/kylclimatdev\/#organization","name":"Kylclimatdev","url":"https:\/\/www.nordicclimategroup.se\/kylclimatdev\/","logo":{"@type":"ImageObject","inLanguage":"sv-SE","@id":"https:\/\/www.nordicclimategroup.se\/kylclimatdev\/#\/schema\/logo\/image\/","url":"https:\/\/www.nordicclimategroup.se\/kylclimatdev\/wp-content\/uploads\/sites\/36\/2025\/03\/dahlmans-e1745923828555.png","contentUrl":"https:\/\/www.nordicclimategroup.se\/kylclimatdev\/wp-content\/uploads\/sites\/36\/2025\/03\/dahlmans-e1745923828555.png","width":613,"height":210,"caption":"Kylclimatdev"},"image":{"@id":"https:\/\/www.nordicclimategroup.se\/kylclimatdev\/#\/schema\/logo\/image\/"}}]}},"_links":{"self":[{"href":"https:\/\/www.nordicclimategroup.se\/kylclimatdev\/wp-json\/wp\/v2\/delagare\/5119","targetHints":{"allow":["GET"]}}],"collection":[{"href":"https:\/\/www.nordicclimategroup.se\/kylclimatdev\/wp-json\/wp\/v2\/delagare"}],"about":[{"href":"https:\/\/www.nordicclimategroup.se\/kylclimatdev\/wp-json\/wp\/v2\/types\/delagare"}],"version-history":[{"count":4,"href":"https:\/\/www.nordicclimategroup.se\/kylclimatdev\/wp-json\/wp\/v2\/delagare\/5119\/revisions"}],"predecessor-version":[{"id":8803,"href":"https:\/\/www.nordicclimategroup.se\/kylclimatdev\/wp-json\/wp\/v2\/delagare\/5119\/revisions\/8803"}],"wp:featuredmedia":[{"embeddable":true,"href":"https:\/\/www.nordicclimategroup.se\/kylclimatdev\/wp-json\/wp\/v2\/media\/8800"}],"wp:attachment":[{"href":"https:\/\/www.nordicclimategroup.se\/kylclimatdev\/wp-json\/wp\/v2\/media?parent=5119"}],"curies":[{"name":"wp","href":"https:\/\/api.w.org\/{rel}","templated":true}]}}