{"id":5117,"date":"2025-03-18T14:27:38","date_gmt":"2025-03-18T14:27:38","guid":{"rendered":"https:\/\/server03.blackpixel.se\/~designteamet\/?post_type=delagare&#038;p=5117"},"modified":"2025-04-11T14:59:36","modified_gmt":"2025-04-11T14:59:36","slug":"delagare","status":"publish","type":"delagare","link":"https:\/\/www.nordicclimategroup.se\/kylclimatdev\/bli-en-del-av-ncg\/mot-vara-delagare\/delagare\/","title":{"rendered":"Del\u00e4gare exempel"},"content":{"rendered":"\n<h3 class=\"wp-block-heading\">M\u00f6t del\u00e4gare 2 fr\u00e5n Kyl AB<\/h3>\n\n\n\n<p>Lorem ipsum dolor sit amet, consectetur adipiscing elit. Vivamus lacinia odio vitae vestibulum vestibulum. Cras venenatis euismod malesuada.<\/p>\n\n\n\n<div style=\"height:50px\" aria-hidden=\"true\" class=\"wp-block-spacer\"><\/div>\n\n\n\n<h3 class=\"wp-block-heading\">Fr\u00e5ga 1 <\/h3>\n\n\n\n<p>Lorem ipsum dolor sit amet, consectetur adipiscing elit. Vivamus lacinia odio vitae vestibulum vestibulum. Cras venenatis euismod malesuada.Lorem ipsum dolor sit amet, consectetur adipiscing elit. Vivamus lacinia odio vitae vestibulum vestibulum. Cras venenatis euismod malesuada.Lorem ipsum dolor sit amet, consectetur adipiscing elit. Vivamus lacinia odio vitae vestibulum vestibulum. Cras venenatis euismod malesuada.<\/p>\n\n\n\n<div style=\"height:50px\" aria-hidden=\"true\" class=\"wp-block-spacer\"><\/div>\n\n\n\n<div style=\"height:0px\" aria-hidden=\"true\" class=\"wp-block-spacer\"><\/div>\n\n\n\n<h3 class=\"wp-block-heading\">Fr\u00e5ga 2<\/h3>\n\n\n\n<p>Lorem ipsum dolor sit amet, consectetur adipiscing elit. Vivamus lacinia odio vitae vestibulum vestibulum. Cras venenatis euismod malesuada.Lorem ipsum dolor sit amet, consectetur adipiscing elit. Vivamus lacinia odio vitae vestibulum vestibulum. Cras venenatis euismod malesuada.Lorem ipsum dolor sit amet, consectetur adipiscing elit. Vivamus lacinia odio vitae vestibulum vestibulum. Cras venenatis euismod malesuada.<\/p>\n\n\n\n<div style=\"height:50px\" aria-hidden=\"true\" class=\"wp-block-spacer\"><\/div>\n\n\n\n<h3 class=\"wp-block-heading\">Fr\u00e5ga 3 <\/h3>\n\n\n\n<p>Lorem ipsum dolor sit amet, consectetur adipiscing elit. Vivamus lacinia odio vitae vestibulum vestibulum. Cras venenatis euismod malesuada.Lorem ipsum dolor sit amet, consectetur adipiscing elit. Vivamus lacinia odio vitae vestibulum vestibulum. Cras venenatis euismod malesuada.Lorem ipsum dolor sit amet, consectetur adipiscing elit. Vivamus lacinia odio vitae vestibulum vestibulum. Cras venenatis euismod malesuada.<\/p>\n\n\n\n<div style=\"height:50px\" aria-hidden=\"true\" class=\"wp-block-spacer\"><\/div>\n\n\n\n<h3 class=\"wp-block-heading\">Fr\u00e5ga 4 <\/h3>\n\n\n\n<p>Lorem ipsum dolor sit amet, consectetur adipiscing elit. Vivamus lacinia odio vitae vestibulum vestibulum. Cras venenatis euismod malesuada.Lorem ipsum dolor sit amet, consectetur adipiscing elit. Vivamus lacinia odio vitae vestibulum vestibulum. Cras venenatis euismod malesuada.Lorem ipsum dolor sit amet, consectetur adipiscing elit. Vivamus lacinia odio vitae vestibulum vestibulum. Cras venenatis euismod malesuada.<\/p>\n\n\n\n<div style=\"height:50px\" aria-hidden=\"true\" class=\"wp-block-spacer\"><\/div>\n\n\n\n<figure class=\"wp-block-gallery has-nested-images columns-default is-cropped wp-block-gallery-1 is-layout-flex wp-block-gallery-is-layout-flex\">\n<figure class=\"wp-block-image size-large\"><img fetchpriority=\"high\" decoding=\"async\" width=\"1024\" height=\"683\" data-id=\"8597\" src=\"https:\/\/www.nordicclimategroup.se\/dotterbolag-2\/wp-content\/uploads\/sites\/36\/2025\/04\/NCG_PERSONER_11-1024x683.jpg\" alt=\"Kvinna som svetsar\" class=\"wp-image-8597\" srcset=\"https:\/\/www.nordicclimategroup.se\/kylclimatdev\/wp-content\/uploads\/sites\/36\/2025\/04\/NCG_PERSONER_11-1024x683.jpg 1024w, https:\/\/www.nordicclimategroup.se\/kylclimatdev\/wp-content\/uploads\/sites\/36\/2025\/04\/NCG_PERSONER_11-300x200.jpg 300w, https:\/\/www.nordicclimategroup.se\/kylclimatdev\/wp-content\/uploads\/sites\/36\/2025\/04\/NCG_PERSONER_11-768x512.jpg 768w, https:\/\/www.nordicclimategroup.se\/kylclimatdev\/wp-content\/uploads\/sites\/36\/2025\/04\/NCG_PERSONER_11-1536x1025.jpg 1536w, https:\/\/www.nordicclimategroup.se\/kylclimatdev\/wp-content\/uploads\/sites\/36\/2025\/04\/NCG_PERSONER_11-2048x1367.jpg 2048w\" sizes=\"(max-width: 1024px) 100vw, 1024px\" \/><\/figure>\n\n\n\n<figure class=\"wp-block-image size-large\"><img decoding=\"async\" width=\"1024\" height=\"683\" data-id=\"8284\" src=\"https:\/\/www.nordicclimategroup.se\/dotterbolag-2\/wp-content\/uploads\/sites\/36\/2025\/04\/NCG_PERSONER_5-1024x683.jpg\" alt=\"\" class=\"wp-image-8284\" srcset=\"https:\/\/www.nordicclimategroup.se\/kylclimatdev\/wp-content\/uploads\/sites\/36\/2025\/04\/NCG_PERSONER_5-1024x683.jpg 1024w, https:\/\/www.nordicclimategroup.se\/kylclimatdev\/wp-content\/uploads\/sites\/36\/2025\/04\/NCG_PERSONER_5-300x200.jpg 300w, https:\/\/www.nordicclimategroup.se\/kylclimatdev\/wp-content\/uploads\/sites\/36\/2025\/04\/NCG_PERSONER_5-768x512.jpg 768w, https:\/\/www.nordicclimategroup.se\/kylclimatdev\/wp-content\/uploads\/sites\/36\/2025\/04\/NCG_PERSONER_5-1536x1025.jpg 1536w, https:\/\/www.nordicclimategroup.se\/kylclimatdev\/wp-content\/uploads\/sites\/36\/2025\/04\/NCG_PERSONER_5-2048x1367.jpg 2048w\" sizes=\"(max-width: 1024px) 100vw, 1024px\" \/><\/figure>\n\n\n\n<figure class=\"wp-block-image size-large\"><img decoding=\"async\" width=\"1024\" height=\"683\" data-id=\"8287\" src=\"https:\/\/www.nordicclimategroup.se\/dotterbolag-2\/wp-content\/uploads\/sites\/36\/2025\/04\/NCG_PERSONER_8-1024x683.jpg\" alt=\"\" class=\"wp-image-8287\" srcset=\"https:\/\/www.nordicclimategroup.se\/kylclimatdev\/wp-content\/uploads\/sites\/36\/2025\/04\/NCG_PERSONER_8-1024x683.jpg 1024w, https:\/\/www.nordicclimategroup.se\/kylclimatdev\/wp-content\/uploads\/sites\/36\/2025\/04\/NCG_PERSONER_8-300x200.jpg 300w, https:\/\/www.nordicclimategroup.se\/kylclimatdev\/wp-content\/uploads\/sites\/36\/2025\/04\/NCG_PERSONER_8-768x512.jpg 768w, https:\/\/www.nordicclimategroup.se\/kylclimatdev\/wp-content\/uploads\/sites\/36\/2025\/04\/NCG_PERSONER_8-1536x1025.jpg 1536w, https:\/\/www.nordicclimategroup.se\/kylclimatdev\/wp-content\/uploads\/sites\/36\/2025\/04\/NCG_PERSONER_8-2048x1367.jpg 2048w\" sizes=\"(max-width: 1024px) 100vw, 1024px\" \/><\/figure>\n<\/figure>\n\n\n\n<div style=\"height:100px\" aria-hidden=\"true\" class=\"wp-block-spacer\"><\/div>\n","protected":false},"featured_media":3463,"template":"","meta":{"_acf_changed":false},"class_list":["post-5117","delagare","type-delagare","status-publish","has-post-thumbnail","hentry"],"acf":[],"yoast_head":"<!-- This site is optimized with the Yoast SEO plugin v25.4 - https:\/\/yoast.com\/wordpress\/plugins\/seo\/ -->\n<title>Del\u00e4gare exempel | Kylclimatdev<\/title>\n<meta name=\"description\" content=\"M\u00f6t del\u00e4gare 2 fr\u00e5n Kyl AB Lorem ipsum dolor sit amet, consectetur adipiscing elit. Vivamus lacinia odio vitae vestibulum vestibulum. Cras venenatis\" \/>\n<meta name=\"robots\" content=\"index, follow, max-snippet:-1, max-image-preview:large, max-video-preview:-1\" \/>\n<link rel=\"canonical\" href=\"https:\/\/www.nordicclimategroup.se\/kylclimatdev\/bli-en-del-av-ncg\/mot-vara-delagare\/delagare\/\" \/>\n<meta property=\"og:locale\" content=\"sv_SE\" \/>\n<meta property=\"og:type\" content=\"article\" \/>\n<meta property=\"og:title\" content=\"Del\u00e4gare exempel | Kylclimatdev\" \/>\n<meta property=\"og:description\" content=\"M\u00f6t del\u00e4gare 2 fr\u00e5n Kyl AB Lorem ipsum dolor sit amet, consectetur adipiscing elit. Vivamus lacinia odio vitae vestibulum vestibulum. Cras venenatis\" \/>\n<meta property=\"og:url\" content=\"https:\/\/www.nordicclimategroup.se\/kylclimatdev\/bli-en-del-av-ncg\/mot-vara-delagare\/delagare\/\" \/>\n<meta property=\"og:site_name\" content=\"Kylclimatdev\" \/>\n<meta property=\"article:modified_time\" content=\"2025-04-11T14:59:36+00:00\" \/>\n<meta property=\"og:image\" content=\"https:\/\/www.nordicclimategroup.se\/kylclimatdev\/wp-content\/uploads\/sites\/36\/2025\/03\/ncg_62-3-scaled.jpg\" \/>\n\t<meta property=\"og:image:width\" content=\"2560\" \/>\n\t<meta property=\"og:image:height\" content=\"1707\" \/>\n\t<meta property=\"og:image:type\" content=\"image\/jpeg\" \/>\n<meta name=\"twitter:card\" content=\"summary_large_image\" \/>\n<meta name=\"twitter:label1\" content=\"Ber\u00e4knad l\u00e4stid\" \/>\n\t<meta name=\"twitter:data1\" content=\"3 minuter\" \/>\n<script type=\"application\/ld+json\" class=\"yoast-schema-graph\">{\"@context\":\"https:\/\/schema.org\",\"@graph\":[{\"@type\":\"WebPage\",\"@id\":\"https:\/\/www.nordicclimategroup.se\/kylclimatdev\/bli-en-del-av-ncg\/mot-vara-delagare\/delagare\/\",\"url\":\"https:\/\/www.nordicclimategroup.se\/kylclimatdev\/bli-en-del-av-ncg\/mot-vara-delagare\/delagare\/\",\"name\":\"Del\u00e4gare exempel | Kylclimatdev\",\"isPartOf\":{\"@id\":\"https:\/\/www.nordicclimategroup.se\/kylclimatdev\/#website\"},\"primaryImageOfPage\":{\"@id\":\"https:\/\/www.nordicclimategroup.se\/kylclimatdev\/bli-en-del-av-ncg\/mot-vara-delagare\/delagare\/#primaryimage\"},\"image\":{\"@id\":\"https:\/\/www.nordicclimategroup.se\/kylclimatdev\/bli-en-del-av-ncg\/mot-vara-delagare\/delagare\/#primaryimage\"},\"thumbnailUrl\":\"https:\/\/www.nordicclimategroup.se\/kylclimatdev\/wp-content\/uploads\/sites\/36\/2025\/03\/ncg_62-3-scaled.jpg\",\"datePublished\":\"2025-03-18T14:27:38+00:00\",\"dateModified\":\"2025-04-11T14:59:36+00:00\",\"description\":\"M\u00f6t del\u00e4gare 2 fr\u00e5n Kyl AB Lorem ipsum dolor sit amet, consectetur adipiscing elit. Vivamus lacinia odio vitae vestibulum vestibulum. Cras venenatis\",\"inLanguage\":\"sv-SE\",\"potentialAction\":[{\"@type\":\"ReadAction\",\"target\":[\"https:\/\/www.nordicclimategroup.se\/kylclimatdev\/bli-en-del-av-ncg\/mot-vara-delagare\/delagare\/\"]}]},{\"@type\":\"ImageObject\",\"inLanguage\":\"sv-SE\",\"@id\":\"https:\/\/www.nordicclimategroup.se\/kylclimatdev\/bli-en-del-av-ncg\/mot-vara-delagare\/delagare\/#primaryimage\",\"url\":\"https:\/\/www.nordicclimategroup.se\/kylclimatdev\/wp-content\/uploads\/sites\/36\/2025\/03\/ncg_62-3-scaled.jpg\",\"contentUrl\":\"https:\/\/www.nordicclimategroup.se\/kylclimatdev\/wp-content\/uploads\/sites\/36\/2025\/03\/ncg_62-3-scaled.jpg\",\"width\":2560,\"height\":1707,\"caption\":\"Tv\u00e5 m\u00e4n som l\u00e4ser en instruktionsbok\"},{\"@type\":\"WebSite\",\"@id\":\"https:\/\/www.nordicclimategroup.se\/kylclimatdev\/#website\",\"url\":\"https:\/\/www.nordicclimategroup.se\/kylclimatdev\/\",\"name\":\"Kylclimatdev\",\"description\":\"En del av NCG\",\"publisher\":{\"@id\":\"https:\/\/www.nordicclimategroup.se\/kylclimatdev\/#organization\"},\"potentialAction\":[{\"@type\":\"SearchAction\",\"target\":{\"@type\":\"EntryPoint\",\"urlTemplate\":\"https:\/\/www.nordicclimategroup.se\/kylclimatdev\/?s={search_term_string}\"},\"query-input\":{\"@type\":\"PropertyValueSpecification\",\"valueRequired\":true,\"valueName\":\"search_term_string\"}}],\"inLanguage\":\"sv-SE\"},{\"@type\":\"Organization\",\"@id\":\"https:\/\/www.nordicclimategroup.se\/kylclimatdev\/#organization\",\"name\":\"Kylclimatdev\",\"url\":\"https:\/\/www.nordicclimategroup.se\/kylclimatdev\/\",\"logo\":{\"@type\":\"ImageObject\",\"inLanguage\":\"sv-SE\",\"@id\":\"https:\/\/www.nordicclimategroup.se\/kylclimatdev\/#\/schema\/logo\/image\/\",\"url\":\"https:\/\/www.nordicclimategroup.se\/kylclimatdev\/wp-content\/uploads\/sites\/36\/2025\/03\/dahlmans-e1745923828555.png\",\"contentUrl\":\"https:\/\/www.nordicclimategroup.se\/kylclimatdev\/wp-content\/uploads\/sites\/36\/2025\/03\/dahlmans-e1745923828555.png\",\"width\":613,\"height\":210,\"caption\":\"Kylclimatdev\"},\"image\":{\"@id\":\"https:\/\/www.nordicclimategroup.se\/kylclimatdev\/#\/schema\/logo\/image\/\"}}]}<\/script>\n<!-- \/ Yoast SEO plugin. -->","yoast_head_json":{"title":"Del\u00e4gare exempel | Kylclimatdev","description":"M\u00f6t del\u00e4gare 2 fr\u00e5n Kyl AB Lorem ipsum dolor sit amet, consectetur adipiscing elit. Vivamus lacinia odio vitae vestibulum vestibulum. Cras venenatis","robots":{"index":"index","follow":"follow","max-snippet":"max-snippet:-1","max-image-preview":"max-image-preview:large","max-video-preview":"max-video-preview:-1"},"canonical":"https:\/\/www.nordicclimategroup.se\/kylclimatdev\/bli-en-del-av-ncg\/mot-vara-delagare\/delagare\/","og_locale":"sv_SE","og_type":"article","og_title":"Del\u00e4gare exempel | Kylclimatdev","og_description":"M\u00f6t del\u00e4gare 2 fr\u00e5n Kyl AB Lorem ipsum dolor sit amet, consectetur adipiscing elit. Vivamus lacinia odio vitae vestibulum vestibulum. Cras venenatis","og_url":"https:\/\/www.nordicclimategroup.se\/kylclimatdev\/bli-en-del-av-ncg\/mot-vara-delagare\/delagare\/","og_site_name":"Kylclimatdev","article_modified_time":"2025-04-11T14:59:36+00:00","og_image":[{"width":2560,"height":1707,"url":"https:\/\/www.nordicclimategroup.se\/kylclimatdev\/wp-content\/uploads\/sites\/36\/2025\/03\/ncg_62-3-scaled.jpg","type":"image\/jpeg"}],"twitter_card":"summary_large_image","twitter_misc":{"Ber\u00e4knad l\u00e4stid":"3 minuter"},"schema":{"@context":"https:\/\/schema.org","@graph":[{"@type":"WebPage","@id":"https:\/\/www.nordicclimategroup.se\/kylclimatdev\/bli-en-del-av-ncg\/mot-vara-delagare\/delagare\/","url":"https:\/\/www.nordicclimategroup.se\/kylclimatdev\/bli-en-del-av-ncg\/mot-vara-delagare\/delagare\/","name":"Del\u00e4gare exempel | Kylclimatdev","isPartOf":{"@id":"https:\/\/www.nordicclimategroup.se\/kylclimatdev\/#website"},"primaryImageOfPage":{"@id":"https:\/\/www.nordicclimategroup.se\/kylclimatdev\/bli-en-del-av-ncg\/mot-vara-delagare\/delagare\/#primaryimage"},"image":{"@id":"https:\/\/www.nordicclimategroup.se\/kylclimatdev\/bli-en-del-av-ncg\/mot-vara-delagare\/delagare\/#primaryimage"},"thumbnailUrl":"https:\/\/www.nordicclimategroup.se\/kylclimatdev\/wp-content\/uploads\/sites\/36\/2025\/03\/ncg_62-3-scaled.jpg","datePublished":"2025-03-18T14:27:38+00:00","dateModified":"2025-04-11T14:59:36+00:00","description":"M\u00f6t del\u00e4gare 2 fr\u00e5n Kyl AB Lorem ipsum dolor sit amet, consectetur adipiscing elit. Vivamus lacinia odio vitae vestibulum vestibulum. Cras venenatis","inLanguage":"sv-SE","potentialAction":[{"@type":"ReadAction","target":["https:\/\/www.nordicclimategroup.se\/kylclimatdev\/bli-en-del-av-ncg\/mot-vara-delagare\/delagare\/"]}]},{"@type":"ImageObject","inLanguage":"sv-SE","@id":"https:\/\/www.nordicclimategroup.se\/kylclimatdev\/bli-en-del-av-ncg\/mot-vara-delagare\/delagare\/#primaryimage","url":"https:\/\/www.nordicclimategroup.se\/kylclimatdev\/wp-content\/uploads\/sites\/36\/2025\/03\/ncg_62-3-scaled.jpg","contentUrl":"https:\/\/www.nordicclimategroup.se\/kylclimatdev\/wp-content\/uploads\/sites\/36\/2025\/03\/ncg_62-3-scaled.jpg","width":2560,"height":1707,"caption":"Tv\u00e5 m\u00e4n som l\u00e4ser en instruktionsbok"},{"@type":"WebSite","@id":"https:\/\/www.nordicclimategroup.se\/kylclimatdev\/#website","url":"https:\/\/www.nordicclimategroup.se\/kylclimatdev\/","name":"Kylclimatdev","description":"En del av NCG","publisher":{"@id":"https:\/\/www.nordicclimategroup.se\/kylclimatdev\/#organization"},"potentialAction":[{"@type":"SearchAction","target":{"@type":"EntryPoint","urlTemplate":"https:\/\/www.nordicclimategroup.se\/kylclimatdev\/?s={search_term_string}"},"query-input":{"@type":"PropertyValueSpecification","valueRequired":true,"valueName":"search_term_string"}}],"inLanguage":"sv-SE"},{"@type":"Organization","@id":"https:\/\/www.nordicclimategroup.se\/kylclimatdev\/#organization","name":"Kylclimatdev","url":"https:\/\/www.nordicclimategroup.se\/kylclimatdev\/","logo":{"@type":"ImageObject","inLanguage":"sv-SE","@id":"https:\/\/www.nordicclimategroup.se\/kylclimatdev\/#\/schema\/logo\/image\/","url":"https:\/\/www.nordicclimategroup.se\/kylclimatdev\/wp-content\/uploads\/sites\/36\/2025\/03\/dahlmans-e1745923828555.png","contentUrl":"https:\/\/www.nordicclimategroup.se\/kylclimatdev\/wp-content\/uploads\/sites\/36\/2025\/03\/dahlmans-e1745923828555.png","width":613,"height":210,"caption":"Kylclimatdev"},"image":{"@id":"https:\/\/www.nordicclimategroup.se\/kylclimatdev\/#\/schema\/logo\/image\/"}}]}},"_links":{"self":[{"href":"https:\/\/www.nordicclimategroup.se\/kylclimatdev\/wp-json\/wp\/v2\/delagare\/5117","targetHints":{"allow":["GET"]}}],"collection":[{"href":"https:\/\/www.nordicclimategroup.se\/kylclimatdev\/wp-json\/wp\/v2\/delagare"}],"about":[{"href":"https:\/\/www.nordicclimategroup.se\/kylclimatdev\/wp-json\/wp\/v2\/types\/delagare"}],"version-history":[{"count":5,"href":"https:\/\/www.nordicclimategroup.se\/kylclimatdev\/wp-json\/wp\/v2\/delagare\/5117\/revisions"}],"predecessor-version":[{"id":8843,"href":"https:\/\/www.nordicclimategroup.se\/kylclimatdev\/wp-json\/wp\/v2\/delagare\/5117\/revisions\/8843"}],"wp:featuredmedia":[{"embeddable":true,"href":"https:\/\/www.nordicclimategroup.se\/kylclimatdev\/wp-json\/wp\/v2\/media\/3463"}],"wp:attachment":[{"href":"https:\/\/www.nordicclimategroup.se\/kylclimatdev\/wp-json\/wp\/v2\/media?parent=5117"}],"curies":[{"name":"wp","href":"https:\/\/api.w.org\/{rel}","templated":true}]}}